{"id":37810,"date":"2025-12-03T10:41:39","date_gmt":"2025-12-03T10:41:39","guid":{"rendered":"https:\/\/jamhra.com\/fr\/livres\/le-nazi-et-le-psychiatre\/"},"modified":"2025-12-03T10:41:39","modified_gmt":"2025-12-03T10:41:39","slug":"le-nazi-et-le-psychiatre","status":"publish","type":"product","link":"https:\/\/jamhra.com\/fr\/livre\/le-nazi-et-le-psychiatre\/","title":{"rendered":"Le Nazi et le Psychiatre"},"content":{"rendered":"","protected":false},"excerpt":{"rendered":"<p>Une plong\u00e9e historique dans les confrontations psychologiques entre Hermann G\u00f6ring et un psychiatre am\u00e9ricain. Ce livre examine la nature du mal \u00e0 travers les entretiens men\u00e9s lors du proc\u00e8s de Nuremberg.<\/p>\n","protected":false},"featured_media":0,"comment_status":"open","ping_status":"closed","template":"","meta":[],"product_brand":[],"product_cat":[202],"product_tag":[],"auteurs":[744],"class_list":["post-37810","product","type-product","status-publish","product_cat-histoire-politique-2","auteurs-jack-el-hai","first","instock","sale","shipping-taxable","purchasable","product-type-simple"],"_links":{"self":[{"href":"https:\/\/jamhra.com\/fr\/wp-json\/wp\/v2\/product\/37810","targetHints":{"allow":["GET"]}}],"collection":[{"href":"https:\/\/jamhra.com\/fr\/wp-json\/wp\/v2\/product"}],"about":[{"href":"https:\/\/jamhra.com\/fr\/wp-json\/wp\/v2\/types\/product"}],"replies":[{"embeddable":true,"href":"https:\/\/jamhra.com\/fr\/wp-json\/wp\/v2\/comments?post=37810"}],"wp:attachment":[{"href":"https:\/\/jamhra.com\/fr\/wp-json\/wp\/v2\/media?parent=37810"}],"wp:term":[{"taxonomy":"product_brand","embeddable":true,"href":"https:\/\/jamhra.com\/fr\/wp-json\/wp\/v2\/product_brand?post=37810"},{"taxonomy":"product_cat","embeddable":true,"href":"https:\/\/jamhra.com\/fr\/wp-json\/wp\/v2\/product_cat?post=37810"},{"taxonomy":"product_tag","embeddable":true,"href":"https:\/\/jamhra.com\/fr\/wp-json\/wp\/v2\/product_tag?post=37810"},{"taxonomy":"auteurs","embeddable":true,"href":"https:\/\/jamhra.com\/fr\/wp-json\/wp\/v2\/auteurs?post=37810"}],"curies":[{"name":"wp","href":"https:\/\/api.w.org\/{rel}","templated":true}]}}