{"id":37723,"date":"2025-12-03T10:41:09","date_gmt":"2025-12-03T10:41:09","guid":{"rendered":"https:\/\/jamhra.com\/fr\/livres\/le-temps-de-mediter\/"},"modified":"2025-12-03T10:41:09","modified_gmt":"2025-12-03T10:41:09","slug":"le-temps-de-mediter","status":"publish","type":"product","link":"https:\/\/jamhra.com\/fr\/livre\/le-temps-de-mediter\/","title":{"rendered":"Le Temps de m\u00e9diter"},"content":{"rendered":"","protected":false},"excerpt":{"rendered":"<p>Cet ouvrage vous guide pour comprendre et pratiquer la m\u00e9ditation de pleine conscience. Christophe Andr\u00e9 propose des exercices et des conseils pour int\u00e9grer la m\u00e9ditation dans votre quotidien. Retrouvez la s\u00e9r\u00e9nit\u00e9 et apprenez \u00e0 mieux g\u00e9rer le stress.<\/p>\n","protected":false},"featured_media":0,"comment_status":"open","ping_status":"closed","template":"","meta":[],"product_brand":[],"product_cat":[101],"product_tag":[],"auteurs":[264],"class_list":["post-37723","product","type-product","status-publish","product_cat-developpement-personnel-2","auteurs-christophe-andre","first","instock","sale","shipping-taxable","purchasable","product-type-simple"],"_links":{"self":[{"href":"https:\/\/jamhra.com\/fr\/wp-json\/wp\/v2\/product\/37723","targetHints":{"allow":["GET"]}}],"collection":[{"href":"https:\/\/jamhra.com\/fr\/wp-json\/wp\/v2\/product"}],"about":[{"href":"https:\/\/jamhra.com\/fr\/wp-json\/wp\/v2\/types\/product"}],"replies":[{"embeddable":true,"href":"https:\/\/jamhra.com\/fr\/wp-json\/wp\/v2\/comments?post=37723"}],"wp:attachment":[{"href":"https:\/\/jamhra.com\/fr\/wp-json\/wp\/v2\/media?parent=37723"}],"wp:term":[{"taxonomy":"product_brand","embeddable":true,"href":"https:\/\/jamhra.com\/fr\/wp-json\/wp\/v2\/product_brand?post=37723"},{"taxonomy":"product_cat","embeddable":true,"href":"https:\/\/jamhra.com\/fr\/wp-json\/wp\/v2\/product_cat?post=37723"},{"taxonomy":"product_tag","embeddable":true,"href":"https:\/\/jamhra.com\/fr\/wp-json\/wp\/v2\/product_tag?post=37723"},{"taxonomy":"auteurs","embeddable":true,"href":"https:\/\/jamhra.com\/fr\/wp-json\/wp\/v2\/auteurs?post=37723"}],"curies":[{"name":"wp","href":"https:\/\/api.w.org\/{rel}","templated":true}]}}