{"id":36941,"date":"2025-12-03T10:36:40","date_gmt":"2025-12-03T10:36:40","guid":{"rendered":"https:\/\/jamhra.com\/fr\/livres\/le-francais-sans-fautes\/"},"modified":"2025-12-14T09:05:25","modified_gmt":"2025-12-14T09:05:25","slug":"le-francais-sans-fautes","status":"publish","type":"product","link":"https:\/\/jamhra.com\/fr\/livre\/le-francais-sans-fautes\/","title":{"rendered":"Le Fran\u00e7ais sans fautes"},"content":{"rendered":"<p class=\"my-2 [&amp;+p]:mt-4 [&amp;_strong:has(+br)]:inline-block [&amp;_strong:has(+br)]:pb-2\">Envie de ma\u00eetriser la langue de Moli\u00e8re ? T\u00e9l\u00e9charger Le Fran\u00e7ais sans fautes PDF de Jacques Capelovici pour \u00e9liminer les erreurs courantes de votre \u00e9crit et oral. Obtenez votre copie d\u00e8s maintenant et \u00e9crivez avec confiance !<\/p>\n<h2 id=\"sublimez-votre-franais-avec-le-franais-sans-faute\" class=\"mb-2 mt-4 font-display font-semimedium text-base first:mt-0 md:text-lg [hr+&amp;]:mt-4\">\ud83d\udcd6 Sublimez votre fran\u00e7ais avec \u00ab\u00a0Le Fran\u00e7ais sans fautes PDF\u00a0\u00bb<\/h2>\n<p class=\"my-2 [&amp;+p]:mt-4 [&amp;_strong:has(+br)]:inline-block [&amp;_strong:has(+br)]:pb-2\">Plongez au c\u0153ur de la langue fran\u00e7aise et d\u00e9couvrez ses subtilit\u00e9s gr\u00e2ce \u00e0 ce guide indispensable. Si vous aspirez \u00e0 une ma\u00eetrise parfaite de l&rsquo;\u00e9crit et de l&rsquo;oral, il est temps de\u00a0<strong>t\u00e9l\u00e9charger Le Fran\u00e7ais sans fautes PDF<\/strong>. Cet ouvrage est une ressource pr\u00e9cieuse pour quiconque souhaite perfectionner son expression et gagner en assurance.<\/p>\n<h2 class=\"mb-2 mt-4 font-display font-semimedium text-base first:mt-0\">\ud83d\udcd6 Synopsis d&rsquo;un guide incontournable<\/h2>\n<p class=\"my-2 [&amp;+p]:mt-4 [&amp;_strong:has(+br)]:inline-block [&amp;_strong:has(+br)]:pb-2\"><em>Le Fran\u00e7ais sans fautes<\/em>\u00a0n&rsquo;est pas un simple manuel de grammaire ; c&rsquo;est un r\u00e9pertoire des erreurs les plus fr\u00e9quentes qui se glissent dans notre usage quotidien de la langue. L&rsquo;auteur y d\u00e9busque avec humour et p\u00e9dagogie les pi\u00e8ges du vocabulaire, les bizarreries de la prononciation, les pl\u00e9onasmes et les liaisons dangereuses. Le livre a pour mission de r\u00e9concilier les francophones avec les complexit\u00e9s de leur propre langue, en rendant l&rsquo;apprentissage simple et accessible.<span data-state=\"closed\">\u200b<\/span><\/p>\n<h2 class=\"mb-2 mt-4 font-display font-semimedium text-base first:mt-0\">\u270d\ufe0f \u00c0 propos de l&rsquo;auteur : Jacques Capelovici<\/h2>\n<p class=\"my-2 [&amp;+p]:mt-4 [&amp;_strong:has(+br)]:inline-block [&amp;_strong:has(+br)]:pb-2\">Plus connu sous le pseudonyme de \u00ab\u00a0Ma\u00eetre Capelo\u00a0\u00bb, Jacques Capelovici \u00e9tait un linguiste et un animateur de jeux t\u00e9l\u00e9vis\u00e9s c\u00e9l\u00e8bre pour son amour et sa connaissance profonde de la langue fran\u00e7aise. V\u00e9ritable paladin du fran\u00e7ais, il a consacr\u00e9 sa vie \u00e0 traquer les fautes et \u00e0 partager sa passion avec le grand public, faisant de lui une r\u00e9f\u00e9rence incontest\u00e9e.<span aria-label=\"Le fran\u00e7ais sans fautes - R\u00e9pertoire des erreurs les plus ...\" data-state=\"closed\">\u200b<\/span><\/p>\n<h2 class=\"mb-2 mt-4 font-display font-semimedium text-base first:mt-0\">\ud83e\udde0 Les th\u00e8mes explor\u00e9s dans le PDF<\/h2>\n<p class=\"my-2 [&amp;+p]:mt-4 [&amp;_strong:has(+br)]:inline-block [&amp;_strong:has(+br)]:pb-2\">Ce livre aborde des disciplines vari\u00e9es sem\u00e9es d&#8217;emb\u00fbches pour beaucoup :<span aria-label=\"Le fran\u00e7ais sans fautes - R\u00e9pertoire des erreurs les plus ...\" data-state=\"closed\">\u200b<\/span><\/p>\n<ul class=\"marker:text-quiet list-disc\">\n<li class=\"py-0 my-0 prose-p:pt-0 prose-p:mb-2 prose-p:my-0 [&amp;&gt;p]:pt-0 [&amp;&gt;p]:mb-2 [&amp;&gt;p]:my-0\">\n<p class=\"my-2 [&amp;+p]:mt-4 [&amp;_strong:has(+br)]:inline-block [&amp;_strong:has(+br)]:pb-2\"><strong>Vocabulaire<\/strong>\u00a0: Il met en lumi\u00e8re des contresens fr\u00e9quents, comme l&rsquo;usage incorrect de \u00ab\u00a0r\u00e9cup\u00e9rer\u00a0\u00bb ou \u00ab\u00a0absolument\u00a0\u00bb.<span aria-label=\"Livre du fran\u00e7ais sans fautes\" data-state=\"closed\">\u200b<\/span><\/p>\n<\/li>\n<li class=\"py-0 my-0 prose-p:pt-0 prose-p:mb-2 prose-p:my-0 [&amp;&gt;p]:pt-0 [&amp;&gt;p]:mb-2 [&amp;&gt;p]:my-0\">\n<p class=\"my-2 [&amp;+p]:mt-4 [&amp;_strong:has(+br)]:inline-block [&amp;_strong:has(+br)]:pb-2\"><strong>Orthographe<\/strong>\u00a0: L&rsquo;ouvrage revient sur des graphies parfois surprenantes mais correctes, telles que \u00ab\u00a0bagou\u00a0\u00bb, \u00ab\u00a0bistrot\u00a0\u00bb ou \u00ab\u00a0paga\u00efe\u00a0\u00bb.<span aria-label=\"Le fran\u00e7ais sans fautes - R\u00e9pertoire des erreurs les plus ...\" data-state=\"closed\">\u200b<\/span><\/p>\n<\/li>\n<li class=\"py-0 my-0 prose-p:pt-0 prose-p:mb-2 prose-p:my-0 [&amp;&gt;p]:pt-0 [&amp;&gt;p]:mb-2 [&amp;&gt;p]:my-0\">\n<p class=\"my-2 [&amp;+p]:mt-4 [&amp;_strong:has(+br)]:inline-block [&amp;_strong:has(+br)]:pb-2\"><strong>Grammaire<\/strong>\u00a0: Les r\u00e8gles souvent viol\u00e9es par manque d&rsquo;information sont expliqu\u00e9es clairement pour \u00e9viter les impairs.<span data-state=\"closed\">\u200b<\/span><\/p>\n<\/li>\n<li class=\"py-0 my-0 prose-p:pt-0 prose-p:mb-2 prose-p:my-0 [&amp;&gt;p]:pt-0 [&amp;&gt;p]:mb-2 [&amp;&gt;p]:my-0\">\n<p class=\"my-2 [&amp;+p]:mt-4 [&amp;_strong:has(+br)]:inline-block [&amp;_strong:has(+br)]:pb-2\"><strong>Prononciation<\/strong>\u00a0: Des conseils sont donn\u00e9s pour prononcer correctement des mots comme \u00ab\u00a0carrousel\u00a0\u00bb, \u00ab\u00a0impr\u00e9sario\u00a0\u00bb ou \u00ab\u00a0handball\u00a0\u00bb.<span aria-label=\"Le fran\u00e7ais sans fautes - R\u00e9pertoire des erreurs les plus ...\" data-state=\"closed\">\u200b<\/span><\/p>\n<\/li>\n<\/ul>\n<h2 class=\"mb-2 mt-4 font-display font-semimedium text-base first:mt-0\">\u2b50 R\u00e9ception et impact<\/h2>\n<p class=\"my-2 [&amp;+p]:mt-4 [&amp;_strong:has(+br)]:inline-block [&amp;_strong:has(+br)]:pb-2\">Cet ouvrage a \u00e9t\u00e9 largement salu\u00e9 pour son approche pratique et d\u00e9complex\u00e9e de l&rsquo;orthographe. Il est consid\u00e9r\u00e9 comme un outil essentiel pour les \u00e9tudiants, les professionnels et tous les amoureux de la langue fran\u00e7aise d\u00e9sireux de s&rsquo;am\u00e9liorer. Des milliers de lecteurs ont trouv\u00e9 dans ce guide une m\u00e9thode efficace pour reprendre confiance en leur \u00e9crit.<span data-state=\"closed\">\u200b<\/span><\/p>\n<h2 class=\"mb-2 mt-4 font-display font-semimedium text-base first:mt-0\">\ud83d\udcda Livres similaires populaires<\/h2>\n<p class=\"my-2 [&amp;+p]:mt-4 [&amp;_strong:has(+br)]:inline-block [&amp;_strong:has(+br)]:pb-2\">Si vous avez appr\u00e9ci\u00e9 ce guide, voici d&rsquo;autres ouvrages qui pourraient vous int\u00e9resser :<\/p>\n<ul class=\"marker:text-quiet list-disc\">\n<li class=\"py-0 my-0 prose-p:pt-0 prose-p:mb-2 prose-p:my-0 [&amp;&gt;p]:pt-0 [&amp;&gt;p]:mb-2 [&amp;&gt;p]:my-0\">\n<p class=\"my-2 [&amp;+p]:mt-4 [&amp;_strong:has(+br)]:inline-block [&amp;_strong:has(+br)]:pb-2\"><a href=\"https:\/\/jamhra.com\/fr\/livre\/bescherelle-la-conjugaison-pour-tous\/\">Bescherelle La conjugaison pour tous PDF<\/a><\/p>\n<\/li>\n<li class=\"py-0 my-0 prose-p:pt-0 prose-p:mb-2 prose-p:my-0 [&amp;&gt;p]:pt-0 [&amp;&gt;p]:mb-2 [&amp;&gt;p]:my-0\">\n<p class=\"my-2 [&amp;+p]:mt-4 [&amp;_strong:has(+br)]:inline-block [&amp;_strong:has(+br)]:pb-2\"><a href=\"https:\/\/jamhra.com\/fr\/livre\/le-bon-usage\/\">Le Bon Usage PDF<\/a><\/p>\n<\/li>\n<li class=\"py-0 my-0 prose-p:pt-0 prose-p:mb-2 prose-p:my-0 [&amp;&gt;p]:pt-0 [&amp;&gt;p]:mb-2 [&amp;&gt;p]:my-0\">\n<p class=\"my-2 [&amp;+p]:mt-4 [&amp;_strong:has(+br)]:inline-block [&amp;_strong:has(+br)]:pb-2\">Grevisse de l&rsquo;\u00e9tudiant PDF<\/p>\n<\/li>\n<li class=\"py-0 my-0 prose-p:pt-0 prose-p:mb-2 prose-p:my-0 [&amp;&gt;p]:pt-0 [&amp;&gt;p]:mb-2 [&amp;&gt;p]:my-0\">\n<p class=\"my-2 [&amp;+p]:mt-4 [&amp;_strong:has(+br)]:inline-block [&amp;_strong:has(+br)]:pb-2\">Le Robert Brio PDF<\/p>\n<\/li>\n<\/ul>\n<h2 class=\"mb-2 mt-4 font-display font-semimedium text-base first:mt-0\">\ud83d\ude80 Passez \u00e0 l&rsquo;action et ma\u00eetrisez le fran\u00e7ais<\/h2>\n<p class=\"my-2 [&amp;+p]:mt-4 [&amp;_strong:has(+br)]:inline-block [&amp;_strong:has(+br)]:pb-2\">N&rsquo;attendez plus pour vous lib\u00e9rer des doutes et des correcteurs orthographiques automatiques. Enrichissez vos connaissances et am\u00e9liorez durablement votre expression. Pour acc\u00e9der \u00e0 une collection riche et vari\u00e9e, explorez notre s\u00e9lection de\u00a0<a class=\"reset interactable cursor-pointer decoration-1 underline-offset-1 text-super hover:underline font-semibold\" href=\"https:\/\/jamhra.com\/fr\/\" target=\"_blank\" rel=\"nofollow noopener\"><span class=\"text-box-trim-both\">Livres PDF<\/span><\/a>. T\u00e9l\u00e9chargez d\u00e8s aujourd&rsquo;hui\u00a0<em>Le Fran\u00e7ais sans fautes<\/em>\u00a0sur\u00a0<strong>jamhra<\/strong>\u00a0pour enfin \u00e9crire et parler avec l&rsquo;aisance et la pr\u00e9cision que vous avez toujours souhait\u00e9es.<span aria-label=\"Fran\u00e7ais Sans Fautes - L'orthographe, simplement\" data-state=\"closed\">\u200b<\/span><\/p>\n","protected":false},"excerpt":{"rendered":"<div class=\"\">\n<div class=\"border-subtlest ring-subtlest divide-subtlest bg-transparent\">\n<div class=\"gap-y-md flex flex-col\">\n<div class=\"relative font-sans text-base text-foreground selection:bg-super\/50 selection:text-foreground dark:selection:bg-super\/10 dark:selection:text-super\">\n<div class=\"min-w-0 break-words [word-break:break-word]\">\n<div id=\"markdown-content-1\" class=\"gap-y-md after:clear-both after:block after:content-['']\" dir=\"auto\">\n<div class=\"my-2 first:mt-0 [&amp;:has([data-inline-type=image])+&amp;:has([data-inline-type=image])_[data-inline-type=image]]:hidden [&amp;:has(table)_[data-inline-type=image]]:hidden [&amp;_h1:first-of-type]:mt-8 [&amp;_h2:first-of-type]:mt-6\">\n<div class=\"relative\">\n<div class=\"prose dark:prose-invert inline leading-relaxed break-words min-w-0 [word-break:break-word] prose-strong:font-medium [&amp;_&gt;*:first-child]:mt-0\">\n<div class=\"group relative\">\n<div class=\"w-full overflow-x-auto md:max-w-[90vw] border-subtlest ring-subtlest divide-subtlest bg-transparent\">Ce guide indispensable recense les erreurs les plus fr\u00e9quentes de la langue fran\u00e7aise \u00e9crite et parl\u00e9e pour vous aider \u00e0 les corriger. Jacques Capelovici, alias Ma\u00eetre Capelo, y d\u00e9crypte avec pr\u00e9cision les pi\u00e8ges du vocabulaire, de la grammaire et de la prononciation.<\/div>\n<div class=\"bg-base border-subtler shadow-subtle pointer-coarse:opacity-100 right-xs absolute bottom-0 flex rounded-lg border opacity-0 transition-opacity group-hover:opacity-100 [&amp;&gt;*:not(:first-child)]:border-subtle [&amp;&gt;*:not(:first-child)]:border-l\">\n<div class=\"flex\"><\/div>\n<div class=\"flex\"><\/div>\n<div class=\"flex\"><\/div>\n<\/div>\n<\/div>\n<\/div>\n<\/div>\n<\/div>\n<\/div>\n<\/div>\n<\/div>\n<div class=\"flex items-center justify-between\">\n<div class=\"-ml-sm gap-xs flex flex-shrink-0 items-center\"><\/div>\n<div class=\"gap-x-xs flex flex-shrink-0 items-center\">\n<div class=\"gap-xs flex items-center border-subtlest ring-subtlest divide-subtlest bg-transparent\"><\/div>\n<div><\/div>\n<\/div>\n<\/div>\n<\/div>\n<\/div>\n<\/div>\n<div class=\"gap-y-lg flex flex-col first:mt-0\">\n<div class=\"\">\n<div class=\"animate-in fade-in duration-100 ease-out md:mt-ml border-subtlest ring-subtlest divide-subtlest bg-transparent\">\n<div class=\"border-subtlest ring-subtlest divide-subtlest bg-transparent\">\n<div class=\"flex items-center justify-between border-subtlest ring-subtlest divide-subtlest bg-base\">\n<div class=\"flex w-full items-center justify-between mb-md\">\n<div class=\"\">\n<div class=\"space-x-sm flex items-center\"><\/div>\n<\/div>\n<\/div>\n<\/div>\n<\/div>\n<\/div>\n<\/div>\n<\/div>\n","protected":false},"featured_media":0,"comment_status":"open","ping_status":"closed","template":"","meta":[],"product_brand":[],"product_cat":[78],"product_tag":[],"auteurs":[810],"class_list":["post-36941","product","type-product","status-publish","product_cat-apprendre-le-francais","auteurs-jacques-capelovici","first","instock","sale","shipping-taxable","purchasable","product-type-simple"],"_links":{"self":[{"href":"https:\/\/jamhra.com\/fr\/wp-json\/wp\/v2\/product\/36941","targetHints":{"allow":["GET"]}}],"collection":[{"href":"https:\/\/jamhra.com\/fr\/wp-json\/wp\/v2\/product"}],"about":[{"href":"https:\/\/jamhra.com\/fr\/wp-json\/wp\/v2\/types\/product"}],"replies":[{"embeddable":true,"href":"https:\/\/jamhra.com\/fr\/wp-json\/wp\/v2\/comments?post=36941"}],"wp:attachment":[{"href":"https:\/\/jamhra.com\/fr\/wp-json\/wp\/v2\/media?parent=36941"}],"wp:term":[{"taxonomy":"product_brand","embeddable":true,"href":"https:\/\/jamhra.com\/fr\/wp-json\/wp\/v2\/product_brand?post=36941"},{"taxonomy":"product_cat","embeddable":true,"href":"https:\/\/jamhra.com\/fr\/wp-json\/wp\/v2\/product_cat?post=36941"},{"taxonomy":"product_tag","embeddable":true,"href":"https:\/\/jamhra.com\/fr\/wp-json\/wp\/v2\/product_tag?post=36941"},{"taxonomy":"auteurs","embeddable":true,"href":"https:\/\/jamhra.com\/fr\/wp-json\/wp\/v2\/auteurs?post=36941"}],"curies":[{"name":"wp","href":"https:\/\/api.w.org\/{rel}","templated":true}]}}